{"id":1515,"date":"2022-08-15T18:35:24","date_gmt":"2022-08-15T15:35:24","guid":{"rendered":"https:\/\/www.adventtikalenteri.fi\/myyjille\/?page_id=1515"},"modified":"2025-10-07T13:26:17","modified_gmt":"2025-10-07T10:26:17","slug":"sisainen-viestinta-lippukunnassa","status":"publish","type":"page","link":"https:\/\/www.adventtikalenteri.fi\/myyjille\/markkinointi-ja-viestinta\/sisainen-viestinta-lippukunnassa\/","title":{"rendered":"Sis\u00e4inen viestint\u00e4 lippukunnassa"},"content":{"rendered":"\n<h1 class=\"wp-block-heading\">Panosta lippukunnan sis\u00e4iseen viestint\u00e4\u00e4n ja n\u00e4e tulokset kampanjassa<\/h1>\n\n\n\n<p class=\"is-style-lead\">Sis\u00e4isen viestinn\u00e4n tavoitteena on, ett\u00e4 kaikki lippukunnan johtajaik\u00e4iset tiet\u00e4v\u00e4t kampanjan perustiedot. On my\u00f6s t\u00e4rke\u00e4\u00e4, ett\u00e4 huoltajat kotona tiet\u00e4v\u00e4t, mit\u00e4 kampanjassa tapahtuu. <\/p>\n\n\n\n<p class=\"is-style-default\">T\u00e4lt\u00e4 sivulta l\u00f6yd\u00e4t joulukampanjap\u00e4\u00e4llik\u00f6ille suunnattuja vinkkej\u00e4 adventtikalenterikampanjan sis\u00e4iseen viestint\u00e4\u00e4n. Muista kertoa adventtikalenterikampanjasta ainakin lippukunnan verkkosivuilla, somessa, lippukuntalehdess\u00e4 ja kolojen ilmoitustauluilla.<\/p>\n\n\n\n<p><a href=\"https:\/\/www.adventtikalenteri.fi\/myyjille\/ryhmanjohtajien-ja-huoltajien-ohjeistaminen\/\">Katso muistilista johtajille ja huoltajille perehdytett\u00e4viin asioihin<\/a><\/p>\n\n\n\n<h2 class=\"wp-block-heading\">Viestint\u00e4 lippukunnan johtajistolle<\/h2>\n\n\n\n<p><span style=\"color: initial;font-size: 1rem\">Lippukuntanne ryhm\u00e4njohtajilla on kampanjan onnistumisessa keskeinen rooli. <\/span>Kun perusasiat ovat kaikkien tiedossa, voi kukin ryhm\u00e4 keskitty\u00e4 myyntiin t\u00e4ysin rinnoin!<\/p>\n\n\n\n<ul class=\"wp-block-list\">\n<li><span style=\"color: initial;font-size: 1rem\">Viesti kampanjan k\u00e4yt\u00e4nn\u00f6n asioista lippukunnan johtajille jo hyviss\u00e4 ajoin ennen varsinaisen kampanjan alkamista 15.10. <\/span><span style=\"color: initial;font-size: 1rem\"><\/span><\/li>\n\n\n\n<li><span style=\"color: initial;font-size: 1rem\">Hyv\u00e4 kanava lippukunnan sis\u00e4iseen vertaistukeen ja nopeisiin kysymyksiin voisi olla esimerkiksi johtajiston oma WhatsApp-, Slack tai FB-ryhm\u00e4. <\/span><\/li>\n<\/ul>\n\n\n\n<h2 class=\"wp-block-heading\">Viestint\u00e4 lippukunnan j\u00e4senille<\/h2>\n\n\n\n<ul class=\"wp-block-list\">\n<li>J\u00e4rjest\u00e4 koko lippukunnan yhteinen adventtikalenterikampanjan aloitustilaisuus!\n<ul class=\"wp-block-list\">\n<li>Sen voit tehd\u00e4 liven\u00e4 tai virtuaalisesti esim. Teamsill\u00e4. <\/li>\n\n\n\n<li>Tarjoa tilaisuus kaikille j\u00e4senille kysy\u00e4 mielt\u00e4\u00e4n askarruttavia kysymyksi\u00e4.<\/li>\n\n\n\n<li>Johtajiston voi houkutella paikalle vaikkapa gl\u00f6gin ja joulutorttujen avulla.<\/li>\n<\/ul>\n<\/li>\n\n\n\n<li>Ripusta tavoitejuliste kolon sein\u00e4lle.\n<ul class=\"wp-block-list\">\n<li>Sis\u00e4iseen viestint\u00e4\u00e4n tarkoitettuun julisteeseen voit t\u00e4ydent\u00e4\u00e4 tiedon, mihin tavoitteeseen lippukuntanne t\u00e4n\u00e4 vuonna ker\u00e4\u00e4 rahaa ja kuinka monta kalenteria kunkin j\u00e4senen tulisi myyd\u00e4 tavoitteeseen p\u00e4\u00e4st\u00e4kseen.<\/li>\n<\/ul>\n<\/li>\n\n\n\n<li>Kannattaa my\u00f6s vierailla ryhmien kokouksissa kampanjan aikana\n<ul class=\"wp-block-list\">\n<li>Kysele, miten myynti etenee ja miss\u00e4 voisit heit\u00e4 auttaa.<\/li>\n<\/ul>\n<\/li>\n<\/ul>\n\n\n\n<h3 class=\"wp-block-heading\">Ryhm\u00e4njohtajille yhteinen uutiskirje lokakuussa<\/h3>\n\n\n\n<ul class=\"wp-block-list\">\n<li>Ryhm\u00e4njohtajat saavat valtakunnallisen uutiskirjeen lokakuussa. <\/li>\n\n\n\n<li>Kirjeen tiedot lis\u00e4t\u00e4\u00e4n my\u00f6hemmin t\u00e4lle sivulle.<\/li>\n<\/ul>\n\n\n\n<h2 class=\"wp-block-heading\">Viestint\u00e4 partiolaisten huoltajille ja kotijoukoille <\/h2>\n\n\n\n<p>Tiedota my\u00f6s kotijoukkoja, jotta he voivat tukea lapsiaan myyntity\u00f6ss\u00e4. Innokkaimmat huoltajat ovat my\u00f6s kullanarvoinen apu myynniss\u00e4 ja myyntipaikkojen l\u00f6yt\u00e4misess\u00e4!<\/p>\n\n\n\n<ul class=\"wp-block-list\">\n<li>Kerro kampanjasta kotiv\u00e4elle heti syksyn alussa esimerkiksi toiminnan aloituskokouksessa, syyskokouksessa tai huoltajaillassa.<\/li>\n\n\n\n<li>Kerro kalenterin merkityksest\u00e4 ja varainhankinnan t\u00e4rkeydest\u00e4. Mit\u00e4 tuloilla on tehty ja voidaan tehd\u00e4?<\/li>\n\n\n\n<li>L\u00e4hemp\u00e4n\u00e4 kampanjaa voit kutsua huoltajat kalenterimyynnin infotilaisuuteen joko mukaan paikan p\u00e4\u00e4lle tai et\u00e4kokoukseen. <\/li>\n\n\n\n<li>Voit my\u00f6s l\u00e4hesty\u00e4 huoltajia s\u00e4hk\u00f6postilla, viesteill\u00e4 tai perinteisill\u00e4 kirjeill\u00e4. Suomen Partiolaiset l\u00e4hett\u00e4\u00e4 s\u00e4hk\u00f6isen uutiskirjeen kaikille huoltajille lokakuussa. Kirjeess\u00e4 kerrotaan valtakunnallisen kampanjan perustiedot.<\/li>\n<\/ul>\n\n\n\n<h3 class=\"wp-block-heading\">Huoltajat saavat uutiskirje lokakuussa<\/h3>\n\n\n\n<ul class=\"wp-block-list\">\n<li>Lokakuussa l\u00e4hetet\u00e4\u00e4n kaikille huoltajille yhteinen kirje, jossa on yleist\u00e4 tietoa adventtikalenterikampanjasta.<\/li>\n\n\n\n<li>Tiedot kirjeen sis\u00e4ll\u00f6st\u00e4 lis\u00e4t\u00e4\u00e4n t\u00e4lle sivulle my\u00f6hemmin.<\/li>\n<\/ul>\n\n\n\n<p><\/p>\n","protected":false},"excerpt":{"rendered":"<p>Panosta lippukunnan sis\u00e4iseen viestint\u00e4\u00e4n ja n\u00e4e tulokset kampanjassa Sis\u00e4isen viestinn\u00e4n<\/p>\n","protected":false},"author":10,"featured_media":1231,"parent":228,"menu_order":9,"comment_status":"closed","ping_status":"closed","template":"","meta":{"_acf_changed":false,"_relevanssi_hide_post":"","_relevanssi_hide_content":"","_relevanssi_pin_for_all":"","_relevanssi_pin_keywords":"","_relevanssi_unpin_keywords":"","_relevanssi_related_keywords":"","_relevanssi_related_include_ids":"","_relevanssi_related_exclude_ids":"","_relevanssi_related_no_append":"","_relevanssi_related_not_related":"","_relevanssi_related_posts":"1230,1159,417,1072,550,1366","_relevanssi_noindex_reason":"","footnotes":""},"class_list":["post-1515","page","type-page","status-publish","has-post-thumbnail","hentry"],"acf":[],"yoast_head":"<!-- This site is optimized with the Yoast SEO plugin v27.3 - https:\/\/yoast.com\/product\/yoast-seo-wordpress\/ -->\n<title>Sis\u00e4inen viestint\u00e4 lippukunnassa - Ohjesivusto adventtikalenterin myyjille<\/title>\n<meta name=\"description\" content=\"Sis\u00e4iseen viestint\u00e4\u00e4n panostaminen adventtikalenterikampanjassa kannattaa! T\u00e4lt\u00e4 sivulta l\u00f6yd\u00e4t joulukampanjap\u00e4\u00e4llik\u00f6ille suunnattuja vinkkej\u00e4 adventtikalenterikampanjan sis\u00e4iseen viestint\u00e4\u00e4n.\" \/>\n<meta name=\"robots\" content=\"index, follow, max-snippet:-1, max-image-preview:large, max-video-preview:-1\" \/>\n<link rel=\"canonical\" href=\"https:\/\/www.adventtikalenteri.fi\/myyjille\/markkinointi-ja-viestinta\/sisainen-viestinta-lippukunnassa\/\" \/>\n<meta property=\"og:locale\" content=\"fi_FI\" \/>\n<meta property=\"og:type\" content=\"article\" \/>\n<meta property=\"og:title\" content=\"Sis\u00e4inen viestint\u00e4 lippukunnassa - Ohjesivusto adventtikalenterin myyjille\" \/>\n<meta property=\"og:description\" content=\"Sis\u00e4iseen viestint\u00e4\u00e4n panostaminen adventtikalenterikampanjassa kannattaa! T\u00e4lt\u00e4 sivulta l\u00f6yd\u00e4t joulukampanjap\u00e4\u00e4llik\u00f6ille suunnattuja vinkkej\u00e4 adventtikalenterikampanjan sis\u00e4iseen viestint\u00e4\u00e4n.\" \/>\n<meta property=\"og:url\" content=\"https:\/\/www.adventtikalenteri.fi\/myyjille\/markkinointi-ja-viestinta\/sisainen-viestinta-lippukunnassa\/\" \/>\n<meta property=\"og:site_name\" content=\"Ohjesivusto adventtikalenterin myyjille\" \/>\n<meta property=\"article:modified_time\" content=\"2025-10-07T10:26:17+00:00\" \/>\n<meta property=\"og:image\" content=\"https:\/\/www.adventtikalenteri.fi\/myyjille\/wp-content\/uploads\/sites\/2\/2025\/08\/Adventtikalenteri25_NettaHautamaki_35.jpg\" \/>\n\t<meta property=\"og:image:width\" content=\"1500\" \/>\n\t<meta property=\"og:image:height\" content=\"1000\" \/>\n\t<meta property=\"og:image:type\" content=\"image\/jpeg\" \/>\n<meta name=\"twitter:card\" content=\"summary_large_image\" \/>\n<meta name=\"twitter:label1\" content=\"Arvioitu lukuaika\" \/>\n\t<meta name=\"twitter:data1\" content=\"5 minuuttia\" \/>\n<script type=\"application\/ld+json\" class=\"yoast-schema-graph\">{\"@context\":\"https:\\\/\\\/schema.org\",\"@graph\":[{\"@type\":\"WebPage\",\"@id\":\"https:\\\/\\\/www.adventtikalenteri.fi\\\/myyjille\\\/markkinointi-ja-viestinta\\\/sisainen-viestinta-lippukunnassa\\\/\",\"url\":\"https:\\\/\\\/www.adventtikalenteri.fi\\\/myyjille\\\/markkinointi-ja-viestinta\\\/sisainen-viestinta-lippukunnassa\\\/\",\"name\":\"Sis\u00e4inen viestint\u00e4 lippukunnassa - Ohjesivusto adventtikalenterin myyjille\",\"isPartOf\":{\"@id\":\"https:\\\/\\\/www.adventtikalenteri.fi\\\/myyjille\\\/#website\"},\"primaryImageOfPage\":{\"@id\":\"https:\\\/\\\/www.adventtikalenteri.fi\\\/myyjille\\\/markkinointi-ja-viestinta\\\/sisainen-viestinta-lippukunnassa\\\/#primaryimage\"},\"image\":{\"@id\":\"https:\\\/\\\/www.adventtikalenteri.fi\\\/myyjille\\\/markkinointi-ja-viestinta\\\/sisainen-viestinta-lippukunnassa\\\/#primaryimage\"},\"thumbnailUrl\":\"https:\\\/\\\/www.adventtikalenteri.fi\\\/myyjille\\\/wp-content\\\/uploads\\\/sites\\\/2\\\/2021\\\/12\\\/202112_SP_joulu_Lehtisalo_Mari_04_1920x706.jpg\",\"datePublished\":\"2022-08-15T15:35:24+00:00\",\"dateModified\":\"2025-10-07T10:26:17+00:00\",\"description\":\"Sis\u00e4iseen viestint\u00e4\u00e4n panostaminen adventtikalenterikampanjassa kannattaa! T\u00e4lt\u00e4 sivulta l\u00f6yd\u00e4t joulukampanjap\u00e4\u00e4llik\u00f6ille suunnattuja vinkkej\u00e4 adventtikalenterikampanjan sis\u00e4iseen viestint\u00e4\u00e4n.\",\"breadcrumb\":{\"@id\":\"https:\\\/\\\/www.adventtikalenteri.fi\\\/myyjille\\\/markkinointi-ja-viestinta\\\/sisainen-viestinta-lippukunnassa\\\/#breadcrumb\"},\"inLanguage\":\"fi\",\"potentialAction\":[{\"@type\":\"ReadAction\",\"target\":[\"https:\\\/\\\/www.adventtikalenteri.fi\\\/myyjille\\\/markkinointi-ja-viestinta\\\/sisainen-viestinta-lippukunnassa\\\/\"]}]},{\"@type\":\"ImageObject\",\"inLanguage\":\"fi\",\"@id\":\"https:\\\/\\\/www.adventtikalenteri.fi\\\/myyjille\\\/markkinointi-ja-viestinta\\\/sisainen-viestinta-lippukunnassa\\\/#primaryimage\",\"url\":\"https:\\\/\\\/www.adventtikalenteri.fi\\\/myyjille\\\/wp-content\\\/uploads\\\/sites\\\/2\\\/2021\\\/12\\\/202112_SP_joulu_Lehtisalo_Mari_04_1920x706.jpg\",\"contentUrl\":\"https:\\\/\\\/www.adventtikalenteri.fi\\\/myyjille\\\/wp-content\\\/uploads\\\/sites\\\/2\\\/2021\\\/12\\\/202112_SP_joulu_Lehtisalo_Mari_04_1920x706.jpg\",\"width\":1920,\"height\":706,\"caption\":\"Joulukoristeilla ja -valoilla koristeltu kuusi mets\u00e4ss\u00e4.\"},{\"@type\":\"BreadcrumbList\",\"@id\":\"https:\\\/\\\/www.adventtikalenteri.fi\\\/myyjille\\\/markkinointi-ja-viestinta\\\/sisainen-viestinta-lippukunnassa\\\/#breadcrumb\",\"itemListElement\":[{\"@type\":\"ListItem\",\"position\":1,\"name\":\"Etusivu\",\"item\":\"https:\\\/\\\/www.adventtikalenteri.fi\\\/myyjille\\\/\"},{\"@type\":\"ListItem\",\"position\":2,\"name\":\"Markkinointi ja viestint\u00e4\",\"item\":\"https:\\\/\\\/www.adventtikalenteri.fi\\\/myyjille\\\/markkinointi-ja-viestinta\\\/\"},{\"@type\":\"ListItem\",\"position\":3,\"name\":\"Sis\u00e4inen viestint\u00e4 lippukunnassa\"}]},{\"@type\":\"WebSite\",\"@id\":\"https:\\\/\\\/www.adventtikalenteri.fi\\\/myyjille\\\/#website\",\"url\":\"https:\\\/\\\/www.adventtikalenteri.fi\\\/myyjille\\\/\",\"name\":\"Ohjesivusto adventtikalenterin myyjille\",\"description\":\"\",\"potentialAction\":[{\"@type\":\"SearchAction\",\"target\":{\"@type\":\"EntryPoint\",\"urlTemplate\":\"https:\\\/\\\/www.adventtikalenteri.fi\\\/myyjille\\\/?s={search_term_string}\"},\"query-input\":{\"@type\":\"PropertyValueSpecification\",\"valueRequired\":true,\"valueName\":\"search_term_string\"}}],\"inLanguage\":\"fi\"}]}<\/script>\n<!-- \/ Yoast SEO plugin. -->","yoast_head_json":{"title":"Sis\u00e4inen viestint\u00e4 lippukunnassa - Ohjesivusto adventtikalenterin myyjille","description":"Sis\u00e4iseen viestint\u00e4\u00e4n panostaminen adventtikalenterikampanjassa kannattaa! T\u00e4lt\u00e4 sivulta l\u00f6yd\u00e4t joulukampanjap\u00e4\u00e4llik\u00f6ille suunnattuja vinkkej\u00e4 adventtikalenterikampanjan sis\u00e4iseen viestint\u00e4\u00e4n.","robots":{"index":"index","follow":"follow","max-snippet":"max-snippet:-1","max-image-preview":"max-image-preview:large","max-video-preview":"max-video-preview:-1"},"canonical":"https:\/\/www.adventtikalenteri.fi\/myyjille\/markkinointi-ja-viestinta\/sisainen-viestinta-lippukunnassa\/","og_locale":"fi_FI","og_type":"article","og_title":"Sis\u00e4inen viestint\u00e4 lippukunnassa - Ohjesivusto adventtikalenterin myyjille","og_description":"Sis\u00e4iseen viestint\u00e4\u00e4n panostaminen adventtikalenterikampanjassa kannattaa! T\u00e4lt\u00e4 sivulta l\u00f6yd\u00e4t joulukampanjap\u00e4\u00e4llik\u00f6ille suunnattuja vinkkej\u00e4 adventtikalenterikampanjan sis\u00e4iseen viestint\u00e4\u00e4n.","og_url":"https:\/\/www.adventtikalenteri.fi\/myyjille\/markkinointi-ja-viestinta\/sisainen-viestinta-lippukunnassa\/","og_site_name":"Ohjesivusto adventtikalenterin myyjille","article_modified_time":"2025-10-07T10:26:17+00:00","og_image":[{"width":1500,"height":1000,"url":"https:\/\/www.adventtikalenteri.fi\/myyjille\/wp-content\/uploads\/sites\/2\/2025\/08\/Adventtikalenteri25_NettaHautamaki_35.jpg","type":"image\/jpeg"}],"twitter_card":"summary_large_image","twitter_misc":{"Arvioitu lukuaika":"5 minuuttia"},"schema":{"@context":"https:\/\/schema.org","@graph":[{"@type":"WebPage","@id":"https:\/\/www.adventtikalenteri.fi\/myyjille\/markkinointi-ja-viestinta\/sisainen-viestinta-lippukunnassa\/","url":"https:\/\/www.adventtikalenteri.fi\/myyjille\/markkinointi-ja-viestinta\/sisainen-viestinta-lippukunnassa\/","name":"Sis\u00e4inen viestint\u00e4 lippukunnassa - Ohjesivusto adventtikalenterin myyjille","isPartOf":{"@id":"https:\/\/www.adventtikalenteri.fi\/myyjille\/#website"},"primaryImageOfPage":{"@id":"https:\/\/www.adventtikalenteri.fi\/myyjille\/markkinointi-ja-viestinta\/sisainen-viestinta-lippukunnassa\/#primaryimage"},"image":{"@id":"https:\/\/www.adventtikalenteri.fi\/myyjille\/markkinointi-ja-viestinta\/sisainen-viestinta-lippukunnassa\/#primaryimage"},"thumbnailUrl":"https:\/\/www.adventtikalenteri.fi\/myyjille\/wp-content\/uploads\/sites\/2\/2021\/12\/202112_SP_joulu_Lehtisalo_Mari_04_1920x706.jpg","datePublished":"2022-08-15T15:35:24+00:00","dateModified":"2025-10-07T10:26:17+00:00","description":"Sis\u00e4iseen viestint\u00e4\u00e4n panostaminen adventtikalenterikampanjassa kannattaa! T\u00e4lt\u00e4 sivulta l\u00f6yd\u00e4t joulukampanjap\u00e4\u00e4llik\u00f6ille suunnattuja vinkkej\u00e4 adventtikalenterikampanjan sis\u00e4iseen viestint\u00e4\u00e4n.","breadcrumb":{"@id":"https:\/\/www.adventtikalenteri.fi\/myyjille\/markkinointi-ja-viestinta\/sisainen-viestinta-lippukunnassa\/#breadcrumb"},"inLanguage":"fi","potentialAction":[{"@type":"ReadAction","target":["https:\/\/www.adventtikalenteri.fi\/myyjille\/markkinointi-ja-viestinta\/sisainen-viestinta-lippukunnassa\/"]}]},{"@type":"ImageObject","inLanguage":"fi","@id":"https:\/\/www.adventtikalenteri.fi\/myyjille\/markkinointi-ja-viestinta\/sisainen-viestinta-lippukunnassa\/#primaryimage","url":"https:\/\/www.adventtikalenteri.fi\/myyjille\/wp-content\/uploads\/sites\/2\/2021\/12\/202112_SP_joulu_Lehtisalo_Mari_04_1920x706.jpg","contentUrl":"https:\/\/www.adventtikalenteri.fi\/myyjille\/wp-content\/uploads\/sites\/2\/2021\/12\/202112_SP_joulu_Lehtisalo_Mari_04_1920x706.jpg","width":1920,"height":706,"caption":"Joulukoristeilla ja -valoilla koristeltu kuusi mets\u00e4ss\u00e4."},{"@type":"BreadcrumbList","@id":"https:\/\/www.adventtikalenteri.fi\/myyjille\/markkinointi-ja-viestinta\/sisainen-viestinta-lippukunnassa\/#breadcrumb","itemListElement":[{"@type":"ListItem","position":1,"name":"Etusivu","item":"https:\/\/www.adventtikalenteri.fi\/myyjille\/"},{"@type":"ListItem","position":2,"name":"Markkinointi ja viestint\u00e4","item":"https:\/\/www.adventtikalenteri.fi\/myyjille\/markkinointi-ja-viestinta\/"},{"@type":"ListItem","position":3,"name":"Sis\u00e4inen viestint\u00e4 lippukunnassa"}]},{"@type":"WebSite","@id":"https:\/\/www.adventtikalenteri.fi\/myyjille\/#website","url":"https:\/\/www.adventtikalenteri.fi\/myyjille\/","name":"Ohjesivusto adventtikalenterin myyjille","description":"","potentialAction":[{"@type":"SearchAction","target":{"@type":"EntryPoint","urlTemplate":"https:\/\/www.adventtikalenteri.fi\/myyjille\/?s={search_term_string}"},"query-input":{"@type":"PropertyValueSpecification","valueRequired":true,"valueName":"search_term_string"}}],"inLanguage":"fi"}]}},"_links":{"self":[{"href":"https:\/\/www.adventtikalenteri.fi\/myyjille\/wp-json\/wp\/v2\/pages\/1515","targetHints":{"allow":["GET"]}}],"collection":[{"href":"https:\/\/www.adventtikalenteri.fi\/myyjille\/wp-json\/wp\/v2\/pages"}],"about":[{"href":"https:\/\/www.adventtikalenteri.fi\/myyjille\/wp-json\/wp\/v2\/types\/page"}],"author":[{"embeddable":true,"href":"https:\/\/www.adventtikalenteri.fi\/myyjille\/wp-json\/wp\/v2\/users\/10"}],"replies":[{"embeddable":true,"href":"https:\/\/www.adventtikalenteri.fi\/myyjille\/wp-json\/wp\/v2\/comments?post=1515"}],"version-history":[{"count":15,"href":"https:\/\/www.adventtikalenteri.fi\/myyjille\/wp-json\/wp\/v2\/pages\/1515\/revisions"}],"predecessor-version":[{"id":3907,"href":"https:\/\/www.adventtikalenteri.fi\/myyjille\/wp-json\/wp\/v2\/pages\/1515\/revisions\/3907"}],"up":[{"embeddable":true,"href":"https:\/\/www.adventtikalenteri.fi\/myyjille\/wp-json\/wp\/v2\/pages\/228"}],"wp:featuredmedia":[{"embeddable":true,"href":"https:\/\/www.adventtikalenteri.fi\/myyjille\/wp-json\/wp\/v2\/media\/1231"}],"wp:attachment":[{"href":"https:\/\/www.adventtikalenteri.fi\/myyjille\/wp-json\/wp\/v2\/media?parent=1515"}],"curies":[{"name":"wp","href":"https:\/\/api.w.org\/{rel}","templated":true}]}}