{"id":567,"date":"2019-07-08T12:19:20","date_gmt":"2019-07-08T09:19:20","guid":{"rendered":"https:\/\/www.adventtikalenteri.fi\/?page_id=567"},"modified":"2024-09-17T12:54:59","modified_gmt":"2024-09-17T09:54:59","slug":"foretag","status":"publish","type":"page","link":"https:\/\/www.adventtikalenteri.fi\/sv\/foretag\/","title":{"rendered":"Till f\u00f6retag"},"content":{"rendered":"\n<h1 class=\"wp-block-heading\"><span class=\"TextRun SCXW55874611 BCX0\" lang=\"SV-FI\" xml:lang=\"SV-FI\" data-contrast=\"auto\"><span class=\"NormalTextRun SCXW55874611 BCX0\">En annorlunda f\u00f6retagsg\u00e5va<\/span><\/span><span class=\"EOP SCXW55874611 BCX0\" data-ccp-props=\"{&quot;201341983&quot;:0,&quot;335559739&quot;:160,&quot;335559740&quot;:240}\">&nbsp;<\/span><\/h1>\n\n\n\n<p><\/p>\n\n\n\n<p>Vill ni i \u00e5r uppm\u00e4rksamma era kunder eller anst\u00e4llda med en meningsfull g\u00e5va som sprider gl\u00e4dje varje dag i december?<\/p>\n\n\n\n<p>Genom att ge en adventskalender som julg\u00e5va st\u00f6djer ni barn- och ungdomsverksamhet i ert n\u00e4romr\u00e5de. Int\u00e4kterna fr\u00e5n adventskalenderf\u00f6rs\u00e4ljningen g\u00e5r oavkortat till att st\u00f6dja scoutverksamheten, d\u00e4r den st\u00f6rsta delen tillfaller den lokala scoutk\u00e5ren. Pengarna anv\u00e4nds bland annat till att k\u00f6pa utrustning, betala l\u00e4geravgifter eller renovera k\u00e5rlokalen eller k\u00e5rens b\u00e5t.<br>\u00c5r 1947 tog de finlandssvenska flickscouterna kalendertraditionen till oss fr\u00e5n Sverige. I \u00f6ver 75 \u00e5r har scouternas adventskalender varit en viktig del av finl\u00e4ndarnas julf\u00f6rberedelser!<br>Kalenderpriset f\u00f6r 2024 \u00e4r 10 \u20ac (moms 0%) + leveranskostnader.<br><a href=\"https:\/\/www.adventtikalenteri.fi\/sv\/intakter\/\">L\u00e4s mer om hur int\u00e4kterna fr\u00e5n adventskalenderf\u00f6rs\u00e4ljningen anv\u00e4nds.<\/a><br><\/p>\n\n\n\n<p>Mer information om scouting finns p\u00e5 webbplatsen <a href=\"http:\/\/www.scout.fi\">www.scout.fi<\/a>.<\/p>\n\n\n\n<p>#partioscout #adventskalendern<\/p>\n\n\n\n<p><\/p>\n","protected":false},"excerpt":{"rendered":"<p>En annorlunda f\u00f6retagsg\u00e5va&nbsp; Vill ni i \u00e5r uppm\u00e4rksamma era kunder<\/p>\n","protected":false},"author":1,"featured_media":4017,"parent":0,"menu_order":12,"comment_status":"closed","ping_status":"closed","template":"","meta":{"_acf_changed":false,"footnotes":""},"class_list":["post-567","page","type-page","status-publish","has-post-thumbnail","hentry"],"acf":[],"yoast_head":"<!-- This site is optimized with the Yoast SEO plugin v27.3 - https:\/\/yoast.com\/product\/yoast-seo-wordpress\/ -->\n<title>Till f\u00f6retag &#8211; Scouternas Adventskalendar<\/title>\n<meta name=\"robots\" content=\"index, follow, max-snippet:-1, max-image-preview:large, max-video-preview:-1\" \/>\n<link rel=\"canonical\" href=\"https:\/\/www.adventtikalenteri.fi\/sv\/foretag\/\" \/>\n<meta property=\"og:locale\" content=\"sv_SE\" \/>\n<meta property=\"og:type\" content=\"article\" \/>\n<meta property=\"og:title\" content=\"Till f\u00f6retag &#8211; Scouternas Adventskalendar\" \/>\n<meta property=\"og:description\" content=\"En annorlunda f\u00f6retagsg\u00e5va&nbsp; Vill ni i \u00e5r uppm\u00e4rksamma era kunder\" \/>\n<meta property=\"og:url\" content=\"https:\/\/www.adventtikalenteri.fi\/sv\/foretag\/\" \/>\n<meta property=\"og:site_name\" content=\"Scouternas adventskalender\" \/>\n<meta property=\"article:modified_time\" content=\"2024-09-17T09:54:59+00:00\" \/>\n<meta property=\"og:image\" content=\"https:\/\/www.adventtikalenteri.fi\/wp-content\/uploads\/2021\/09\/20210819_Partiolaiset_30996-scaled.jpg\" \/>\n\t<meta property=\"og:image:width\" content=\"2560\" \/>\n\t<meta property=\"og:image:height\" content=\"1708\" \/>\n\t<meta property=\"og:image:type\" content=\"image\/jpeg\" \/>\n<meta name=\"twitter:card\" content=\"summary_large_image\" \/>\n<meta name=\"twitter:label1\" content=\"Ber\u00e4knad l\u00e4stid\" \/>\n\t<meta name=\"twitter:data1\" content=\"2 minuter\" \/>\n<script type=\"application\/ld+json\" class=\"yoast-schema-graph\">{\"@context\":\"https:\\\/\\\/schema.org\",\"@graph\":[{\"@type\":\"WebPage\",\"@id\":\"https:\\\/\\\/www.adventtikalenteri.fi\\\/sv\\\/foretag\\\/\",\"url\":\"https:\\\/\\\/www.adventtikalenteri.fi\\\/sv\\\/foretag\\\/\",\"name\":\"Till f\u00f6retag &#8211; Scouternas Adventskalendar\",\"isPartOf\":{\"@id\":\"https:\\\/\\\/www.adventtikalenteri.fi\\\/sv\\\/#website\"},\"primaryImageOfPage\":{\"@id\":\"https:\\\/\\\/www.adventtikalenteri.fi\\\/sv\\\/foretag\\\/#primaryimage\"},\"image\":{\"@id\":\"https:\\\/\\\/www.adventtikalenteri.fi\\\/sv\\\/foretag\\\/#primaryimage\"},\"thumbnailUrl\":\"https:\\\/\\\/www.adventtikalenteri.fi\\\/wp-content\\\/uploads\\\/2024\\\/08\\\/Advis2024_NettaHautamaki_DSC_9842_2000px.jpg\",\"datePublished\":\"2019-07-08T09:19:20+00:00\",\"dateModified\":\"2024-09-17T09:54:59+00:00\",\"breadcrumb\":{\"@id\":\"https:\\\/\\\/www.adventtikalenteri.fi\\\/sv\\\/foretag\\\/#breadcrumb\"},\"inLanguage\":\"sv-SE\",\"potentialAction\":[{\"@type\":\"ReadAction\",\"target\":[\"https:\\\/\\\/www.adventtikalenteri.fi\\\/sv\\\/foretag\\\/\"]}]},{\"@type\":\"ImageObject\",\"inLanguage\":\"sv-SE\",\"@id\":\"https:\\\/\\\/www.adventtikalenteri.fi\\\/sv\\\/foretag\\\/#primaryimage\",\"url\":\"https:\\\/\\\/www.adventtikalenteri.fi\\\/wp-content\\\/uploads\\\/2024\\\/08\\\/Advis2024_NettaHautamaki_DSC_9842_2000px.jpg\",\"contentUrl\":\"https:\\\/\\\/www.adventtikalenteri.fi\\\/wp-content\\\/uploads\\\/2024\\\/08\\\/Advis2024_NettaHautamaki_DSC_9842_2000px.jpg\",\"width\":2000,\"height\":1125},{\"@type\":\"BreadcrumbList\",\"@id\":\"https:\\\/\\\/www.adventtikalenteri.fi\\\/sv\\\/foretag\\\/#breadcrumb\",\"itemListElement\":[{\"@type\":\"ListItem\",\"position\":1,\"name\":\"Etusivu\",\"item\":\"https:\\\/\\\/www.adventtikalenteri.fi\\\/sv\\\/\"},{\"@type\":\"ListItem\",\"position\":2,\"name\":\"Till f\u00f6retag\"}]},{\"@type\":\"WebSite\",\"@id\":\"https:\\\/\\\/www.adventtikalenteri.fi\\\/sv\\\/#website\",\"url\":\"https:\\\/\\\/www.adventtikalenteri.fi\\\/sv\\\/\",\"name\":\"Scouternas adventskalender\",\"description\":\"\",\"potentialAction\":[{\"@type\":\"SearchAction\",\"target\":{\"@type\":\"EntryPoint\",\"urlTemplate\":\"https:\\\/\\\/www.adventtikalenteri.fi\\\/sv\\\/?s={search_term_string}\"},\"query-input\":{\"@type\":\"PropertyValueSpecification\",\"valueRequired\":true,\"valueName\":\"search_term_string\"}}],\"inLanguage\":\"sv-SE\"}]}<\/script>\n<!-- \/ Yoast SEO plugin. -->","yoast_head_json":{"title":"Till f\u00f6retag &#8211; Scouternas Adventskalendar","robots":{"index":"index","follow":"follow","max-snippet":"max-snippet:-1","max-image-preview":"max-image-preview:large","max-video-preview":"max-video-preview:-1"},"canonical":"https:\/\/www.adventtikalenteri.fi\/sv\/foretag\/","og_locale":"sv_SE","og_type":"article","og_title":"Till f\u00f6retag &#8211; Scouternas Adventskalendar","og_description":"En annorlunda f\u00f6retagsg\u00e5va&nbsp; Vill ni i \u00e5r uppm\u00e4rksamma era kunder","og_url":"https:\/\/www.adventtikalenteri.fi\/sv\/foretag\/","og_site_name":"Scouternas adventskalender","article_modified_time":"2024-09-17T09:54:59+00:00","og_image":[{"width":2560,"height":1708,"url":"https:\/\/www.adventtikalenteri.fi\/wp-content\/uploads\/2021\/09\/20210819_Partiolaiset_30996-scaled.jpg","type":"image\/jpeg"}],"twitter_card":"summary_large_image","twitter_misc":{"Ber\u00e4knad l\u00e4stid":"2 minuter"},"schema":{"@context":"https:\/\/schema.org","@graph":[{"@type":"WebPage","@id":"https:\/\/www.adventtikalenteri.fi\/sv\/foretag\/","url":"https:\/\/www.adventtikalenteri.fi\/sv\/foretag\/","name":"Till f\u00f6retag &#8211; Scouternas Adventskalendar","isPartOf":{"@id":"https:\/\/www.adventtikalenteri.fi\/sv\/#website"},"primaryImageOfPage":{"@id":"https:\/\/www.adventtikalenteri.fi\/sv\/foretag\/#primaryimage"},"image":{"@id":"https:\/\/www.adventtikalenteri.fi\/sv\/foretag\/#primaryimage"},"thumbnailUrl":"https:\/\/www.adventtikalenteri.fi\/wp-content\/uploads\/2024\/08\/Advis2024_NettaHautamaki_DSC_9842_2000px.jpg","datePublished":"2019-07-08T09:19:20+00:00","dateModified":"2024-09-17T09:54:59+00:00","breadcrumb":{"@id":"https:\/\/www.adventtikalenteri.fi\/sv\/foretag\/#breadcrumb"},"inLanguage":"sv-SE","potentialAction":[{"@type":"ReadAction","target":["https:\/\/www.adventtikalenteri.fi\/sv\/foretag\/"]}]},{"@type":"ImageObject","inLanguage":"sv-SE","@id":"https:\/\/www.adventtikalenteri.fi\/sv\/foretag\/#primaryimage","url":"https:\/\/www.adventtikalenteri.fi\/wp-content\/uploads\/2024\/08\/Advis2024_NettaHautamaki_DSC_9842_2000px.jpg","contentUrl":"https:\/\/www.adventtikalenteri.fi\/wp-content\/uploads\/2024\/08\/Advis2024_NettaHautamaki_DSC_9842_2000px.jpg","width":2000,"height":1125},{"@type":"BreadcrumbList","@id":"https:\/\/www.adventtikalenteri.fi\/sv\/foretag\/#breadcrumb","itemListElement":[{"@type":"ListItem","position":1,"name":"Etusivu","item":"https:\/\/www.adventtikalenteri.fi\/sv\/"},{"@type":"ListItem","position":2,"name":"Till f\u00f6retag"}]},{"@type":"WebSite","@id":"https:\/\/www.adventtikalenteri.fi\/sv\/#website","url":"https:\/\/www.adventtikalenteri.fi\/sv\/","name":"Scouternas adventskalender","description":"","potentialAction":[{"@type":"SearchAction","target":{"@type":"EntryPoint","urlTemplate":"https:\/\/www.adventtikalenteri.fi\/sv\/?s={search_term_string}"},"query-input":{"@type":"PropertyValueSpecification","valueRequired":true,"valueName":"search_term_string"}}],"inLanguage":"sv-SE"}]}},"_links":{"self":[{"href":"https:\/\/www.adventtikalenteri.fi\/sv\/wp-json\/wp\/v2\/pages\/567","targetHints":{"allow":["GET"]}}],"collection":[{"href":"https:\/\/www.adventtikalenteri.fi\/sv\/wp-json\/wp\/v2\/pages"}],"about":[{"href":"https:\/\/www.adventtikalenteri.fi\/sv\/wp-json\/wp\/v2\/types\/page"}],"author":[{"embeddable":true,"href":"https:\/\/www.adventtikalenteri.fi\/sv\/wp-json\/wp\/v2\/users\/1"}],"replies":[{"embeddable":true,"href":"https:\/\/www.adventtikalenteri.fi\/sv\/wp-json\/wp\/v2\/comments?post=567"}],"version-history":[{"count":14,"href":"https:\/\/www.adventtikalenteri.fi\/sv\/wp-json\/wp\/v2\/pages\/567\/revisions"}],"predecessor-version":[{"id":4089,"href":"https:\/\/www.adventtikalenteri.fi\/sv\/wp-json\/wp\/v2\/pages\/567\/revisions\/4089"}],"wp:featuredmedia":[{"embeddable":true,"href":"https:\/\/www.adventtikalenteri.fi\/sv\/wp-json\/wp\/v2\/media\/4017"}],"wp:attachment":[{"href":"https:\/\/www.adventtikalenteri.fi\/sv\/wp-json\/wp\/v2\/media?parent=567"}],"curies":[{"name":"wp","href":"https:\/\/api.w.org\/{rel}","templated":true}]}}